{"id":640,"date":"2018-02-26T12:35:30","date_gmt":"2018-02-26T11:35:30","guid":{"rendered":"http:\/\/penzionlimba.sk\/?page_id=640"},"modified":"2018-07-18T11:07:00","modified_gmt":"2018-07-18T09:07:00","slug":"apartamenty-limba","status":"publish","type":"page","link":"https:\/\/penzionlimba.sk\/pl\/apartamenty-limba\/","title":{"rendered":"Apartamenty Limba***"},"content":{"rendered":"<p>[vc_row full_width=&#8221;stretch_row_content&#8221; content_placement=&#8221;middle&#8221; el_class=&#8221;pg1_apartmany&#8221; css=&#8221;.vc_custom_1520511938043{background-image: url(http:\/\/penzionlimba.sk\/wp-content\/uploads\/2018\/02\/limba-app-bbg.jpg?id=745) !important;background-position: center !important;background-repeat: no-repeat !important;background-size: cover !important;}&#8221;][vc_column css=&#8221;.vc_custom_1516018014117{background-image: url(http:\/\/penzionlimba.sk\/wp-content\/uploads\/2018\/01\/prechodbiely-dole.png?id=19) !important;background-position: center !important;background-repeat: no-repeat !important;background-size: contain !important;}&#8221;][vc_column_text el_class=&#8221;el_nadpis&#8221;]<\/p>\n<h1 style=\"text-align: center;\">APARTAMENTY LIMBA***<\/h1>\n<p>[\/vc_column_text][vc_column_text el_class=&#8221;el_nadpis&#8221; el_id=&#8221;el_nadpis2&#8243;]<\/p>\n<h2 style=\"text-align: center;\"><strong>\u0141<\/strong>adny i jako\u015bci<\/h2>\n<p>[\/vc_column_text][\/vc_column][\/vc_row][vc_row el_class=&#8221;pg2_apartmany&#8221;][vc_column][vc_column_text el_class=&#8221;el_popis&#8221;]<\/p>\n<h2>O apartamentach<\/h2>\n<p><strong>Nowe, przyjemne i wysokiej jako\u015bci zakwaterowanie w pi\u0119knej Dolinie Demianowskiej. Przyjd\u017a i b\u0105d\u017a oczarowany, zar\u00f3wno latem, jak i zim\u0105.<\/strong><\/p>\n<p>Pe\u0142zaj\u0105cy potok za mieszkaniem obudzi ci\u0119 wraz z ptakiem l\u0119gowym w s\u0105siedztwie gniazduj\u0105cych ptak\u00f3w &#8230; Ciesz si\u0119 natur\u0105 Tatr i ciesz si\u0119 zapachem drewna w nowych mieszkaniach!<\/p>\n<p><strong>Lokalizacja Apartamenty Limba:<\/strong> Apartamenty po\u0142o\u017cone s\u0105 w pi\u0119knym otoczeniu Niskich Tatr, zaledwie 12 km od najwi\u0119kszego parku wodnego TATRALANDIA, 26 km od parku termalnego BE\u0160E\u0147OV\u00c1 i 8 km od najwi\u0119kszego o\u015brodka narciarskiego na S\u0142owacji &#8211; Jasn\u00e1 Niskie Tatry<\/p>\n<p><strong>\u015aniadanie<\/strong> &#8211; mo\u017cliwe \u015bniadanie w formie bufetu w bezpo\u015brednim s\u0105siedztwie &#8211; Pensjonat LIMBA<\/p>\n<p><strong>Dla dzieci:<\/strong> plac zabaw z halkami, piaskownica i hu\u015btawki, rzutki<\/p>\n<p><strong>Dla wszystkich:<\/strong> dwie stylowe altanki do grillowania, umieszczone bezpo\u015brednio nad albo przy g\u00f3rskim potoku Demianowka z\u00a0przejrzyst\u0105 i\u00a0zawsze zimn\u0105 wod\u0105.<\/p>\n<p>[\/vc_column_text][\/vc_column][\/vc_row][vc_row el_class=&#8221;pg3_apartmany&#8221;][vc_column el_id=&#8221;hlavny&#8221; el_class=&#8221;col&#8221;][vc_column_text el_class=&#8221;el_nadpis&#8221;]<\/p>\n<h1 style=\"text-align: center;\">APARTAMENTY<\/h1>\n<p>[\/vc_column_text][vc_row_inner el_class=&#8221;pg3_inner&#8221;][vc_column_inner el_class=&#8221;col&#8221; width=&#8221;1\/2&#8243; css=&#8221;.vc_custom_1531748515249{background-position: center !important;background-repeat: no-repeat !important;background-size: cover !important;}&#8221; el_id=&#8221;col1&#8243;][vc_images_carousel images=&#8221;809,312,822,314,808,826,827,828,829,830,831,833,1032&#8243; img_size=&#8221;700&#215;450&#8243;][\/vc_column_inner][vc_column_inner el_class=&#8221;col&#8221; width=&#8221;1\/2&#8243; el_id=&#8221;col2&#8243;][vc_column_text el_class=&#8221;el_popis&#8221;]<\/p>\n<h2><strong>3x Studio 2+2:<\/strong><\/h2>\n<p><strong>Po\u0142o\u017cenie:<\/strong> 2 na pierwszym pi\u0119trze + 1 na parterze<br \/>\n<strong>Ilo\u015b\u0107 \u0142\u00f3\u017cek:<\/strong> 2 \u0142\u00f3\u017cka i 2 dostawki w ka\u017cdym<br \/>\n<strong>Pokoje:<\/strong>\u00a0jeden pok\u00f3j z podw\u00f3jnym \u0142\u00f3\u017ckiem, sof\u0105 i aneksem kuchennym, \u0142azienk\u0105 i WC<\/p>\n<p><strong>Wyposa\u017cenie suite:<br \/>\n<\/strong>&#8211; Podw\u00f3jne \u0142\u00f3\u017cko dla 2 os\u00f3b<strong>\u00a0&#8211; king size 200 x 200 cm<br \/>\n<\/strong>&#8211; Rozk\u0142adana sofa, kt\u00f3re mog\u0105 by\u0107 wykorzystywane jako dodatkowe \u0142\u00f3\u017cko dla 2 os\u00f3b<br \/>\n&#8211; k\u0105cik kuchenny z wyposa\u017ceniem , mikrofal\u00f3wka, dwupalnikowa kuchenka ceramiczna, lod\u00f3wka, czajnik<br \/>\n&#8211; St\u00f3\u0142, krzes\u0142a<br \/>\n&#8211; TV i po\u0142\u0105czenie internetowe WIFI \u2013 BEZP\u0141ATNE<br \/>\n&#8211; \u0141azienka &#8211; prysznic, umywalka, WC<br \/>\n&#8211; Suszarka do w\u0142os\u00f3w<br \/>\n&#8211; Pokoje na pi\u0119trze posiadaj\u0105 w\u0142asny balkon<\/p>\n<p><strong>Galeria:\u00a0<\/strong>Studio numer 1, 4 i 5[\/vc_column_text][vc_btn title=&#8221;Zam\u00f3w&#8221; shape=&#8221;square&#8221; align=&#8221;center&#8221; el_class=&#8221;el_button&#8221; link=&#8221;url:http%3A%2F%2Fpenzionlimba.sk%2Fpl%2Frezerwacja-i-cennik|title:Rezerv%C3%A1cia%20a%20cenn%C3%ADk||&#8221;][\/vc_column_inner][\/vc_row_inner][\/vc_column][\/vc_row][vc_row el_class=&#8221;pg3_apartmany&#8221;][vc_column el_id=&#8221;hlavny&#8221; el_class=&#8221;col&#8221;][vc_row_inner el_class=&#8221;pg3_inner&#8221;][vc_column_inner el_class=&#8221;col&#8221; width=&#8221;1\/2&#8243; css=&#8221;.vc_custom_1531748974752{background-position: center !important;background-repeat: no-repeat !important;background-size: cover !important;}&#8221; el_id=&#8221;col1&#8243;][vc_images_carousel images=&#8221;303,302,301,300,299,304,1030&#8243; img_size=&#8221;700&#215;450&#8243;][\/vc_column_inner][vc_column_inner el_class=&#8221;col&#8221; width=&#8221;1\/2&#8243; el_id=&#8221;col2&#8243;][vc_column_text el_class=&#8221;el_popis&#8221;]<\/p>\n<h2><strong>2x Apartament 2+2:<\/strong><\/h2>\n<p><strong>Po\u0142o\u017cenie:<\/strong>\u00a02 pi\u0119tro<\/p>\n<p><strong>Ilo\u015b\u0107 \u0142\u00f3\u017cek:<\/strong> 2 \u0142\u00f3\u017cka w osobnym pokoju &#8211; sypialnia i 2 dodatkowe \u0142\u00f3\u017cka we wsp\u00f3lnym pokoju<br \/>\n<strong>Pokoje:<\/strong>\u00a01 pok\u00f3j- sypialnia z podw\u00f3jnym \u0142\u00f3\u017ckiem, 1 wsp\u00f3lny pok\u00f3j z dwoma dodatkami i aneksem kuchennym, \u0142azienk\u0105 i WC<\/p>\n<p><strong>Wyposa\u017cenie apartamentu:<br \/>\n<\/strong>&#8211; Sypialnia &#8211; podw\u00f3jne \u0142\u00f3\u017cko dla 2 os\u00f3b<strong>\u00a0&#8211; king size 200 x 200 cm<br \/>\n<\/strong>&#8211; Pok\u00f3j dzienny pok\u00f3j dzienny z dwoma dostawkami, lodzia<br \/>\n&#8211; Aneks kuchenny z wyposa\u017ceniem , mikrofal\u00f3wka, dwupalnikowa kuchenka ceramiczna, lod\u00f3wka, czajnik,\u00a0ekspres do kawy<br \/>\n&#8211; St\u00f3\u0142, krzes\u0142a<br \/>\n&#8211; TV i po\u0142\u0105czenie internetowe WIFI \u2013 BEZP\u0141ATNE<br \/>\n&#8211; \u0141azienka &#8211; prysznic, umywalka, WC<br \/>\n&#8211; Suszarka do w\u0142os\u00f3w<br \/>\n&#8211; Apartamenty posiadaj\u0105 balkony<\/p>\n<p><strong>Galeria:\u00a0<\/strong>Apartament z\u00a0jedn\u0105 sypialni\u0105[\/vc_column_text][vc_btn title=&#8221;Zam\u00f3w&#8221; shape=&#8221;square&#8221; align=&#8221;center&#8221; el_class=&#8221;el_button&#8221; link=&#8221;url:http%3A%2F%2Fpenzionlimba.sk%2Fpl%2Frezerwacja-i-cennik|title:Rezerv%C3%A1cia%20a%20cenn%C3%ADk||&#8221;][\/vc_column_inner][\/vc_row_inner][\/vc_column][\/vc_row][vc_row el_class=&#8221;pg3_apartmany&#8221;][vc_column el_id=&#8221;hlavny&#8221; el_class=&#8221;col&#8221;][vc_row_inner el_class=&#8221;pg3_inner&#8221;][vc_column_inner el_class=&#8221;col&#8221; width=&#8221;1\/2&#8243; css=&#8221;.vc_custom_1531749274125{background-position: center !important;background-repeat: no-repeat !important;background-size: cover !important;}&#8221; el_id=&#8221;col1&#8243;][vc_images_carousel images=&#8221;1025,1026,1027,1028,1029&#8243; img_size=&#8221;700&#215;450&#8243;][\/vc_column_inner][vc_column_inner el_class=&#8221;col&#8221; width=&#8221;1\/2&#8243; el_id=&#8221;col2&#8243;][vc_column_text el_class=&#8221;el_popis&#8221;]<\/p>\n<h2><strong>Apartament 4+2:<\/strong><\/h2>\n<p><strong>Po\u0142o\u017cenie:<\/strong>\u00a01 na parterze<\/p>\n<p><strong>Ilo\u015b\u0107 \u0142\u00f3\u017cek:<\/strong>\u00a04-osobowy + 2 dostawki<br \/>\n<strong>Pokoje:<\/strong>\u00a01 pok\u00f3j &#8211; sypialnia z podw\u00f3jnym \u0142\u00f3\u017ckiem, 1 pok\u00f3j &#8211; sypialnia z dwoma \u0142\u00f3\u017ckami pojedynczymi, 1 pok\u00f3j dzienny<\/p>\n<p><strong>Wyposa\u017cenie:<br \/>\n<\/strong>&#8211; Sypialnia &#8211; podw\u00f3jne \u0142\u00f3\u017cko dla 2 os\u00f3b\u00a0<strong>&#8211; king size 180 x 200 cm<br \/>\n<\/strong>&#8211; Druga sypialnia &#8211; dwa pojedyncze \u0142\u00f3\u017cka<br \/>\n&#8211; Pok\u00f3j dzienny &#8211; taras i rozk\u0142adana sofa, kt\u00f3ra mo\u017ce s\u0142u\u017cy\u0107 jako \u0142\u00f3\u017cko dla dw\u00f3ch dodatkowych os\u00f3b<br \/>\n&#8211; Aneks kuchenny &#8211; zlew, kuchenka mikrofalowa, czteropalnikowa kuchenka ceramiczna, lod\u00f3wka, czajnik<br \/>\n&#8211; St\u00f3\u0142, krzes\u0142a<br \/>\n&#8211; TV i po\u0142\u0105czenie internetowe WIFI \u2013 BEZP\u0141ATNE<br \/>\n&#8211; \u0141azienka &#8211; prysznic, umywalka, WC i bidet<br \/>\n&#8211; Suszarka do w\u0142os\u00f3w<\/p>\n<p><strong>Galeria:\u00a0<\/strong>Apartament z dwa sypialniami[\/vc_column_text][vc_btn title=&#8221;Zam\u00f3w&#8221; shape=&#8221;square&#8221; align=&#8221;center&#8221; el_class=&#8221;el_button&#8221; link=&#8221;url:http%3A%2F%2Fpenzionlimba.sk%2Fpl%2Frezerwacja-i-cennik|title:Rezerv%C3%A1cia%20a%20cenn%C3%ADk||&#8221;][\/vc_column_inner][\/vc_row_inner][\/vc_column][\/vc_row][vc_row el_class=&#8221;pg3_apartmany&#8221;][vc_column el_class=&#8221;col&#8221;][vc_row_inner el_class=&#8221;pg3_inner&#8221;][vc_column_inner el_class=&#8221;col&#8221; width=&#8221;1\/2&#8243; css=&#8221;.vc_custom_1531749438668{background-position: center !important;background-repeat: no-repeat !important;background-size: cover !important;}&#8221; el_id=&#8221;col1&#8243;][vc_images_carousel images=&#8221;1033,317,353,354,355,356,357,358,359&#8243; img_size=&#8221;700&#215;450&#8243;][\/vc_column_inner][vc_column_inner el_class=&#8221;col&#8221; width=&#8221;1\/2&#8243; el_id=&#8221;col2&#8243;][vc_column_text el_class=&#8221;el_popis&#8221;]<\/p>\n<h2><strong>Studio\u00a0wielki 4+1:<\/strong><\/h2>\n<p><strong>Po\u0142o\u017cenie:<\/strong>\u00a01 na parterze<\/p>\n<p><strong>Ilo\u015b\u0107 \u0142\u00f3\u017cek:<\/strong>\u00a04-osobowy + 1 dostawki<br \/>\n<strong>Pokoje:<\/strong>\u00a01 bardzo du\u017cy pok\u00f3j<\/p>\n<p><strong>Wyposa\u017cenie:<br \/>\n<\/strong>&#8211; Sypialnia &#8211; 1 pok\u00f3j z podw\u00f3jnym \u0142\u00f3\u017ckiem i dwoma \u0142\u00f3\u017ckami pojedynczymi<br \/>\n&#8211; Teras<br \/>\n&#8211; Pok\u00f3j dzienny &#8211; sofa, kt\u00f3re mog\u0105 by\u0107 wykorzystane jako dodatki dla 2 os\u00f3b<br \/>\n&#8211; Aneks kuchenny &#8211; zlew, kuchenka mikrofalowa, kuchenka, lod\u00f3wka, czajnik<br \/>\n&#8211; St\u00f3\u0142, krzes\u0142a<br \/>\n&#8211; TV i po\u0142\u0105czenie internetowe WIFI \u2013 BEZP\u0141ATNE<br \/>\n&#8211; \u0141azienka &#8211; prysznic, umywalka, WC<br \/>\n&#8211; Suszarka do w\u0142os\u00f3w[\/vc_column_text][vc_btn title=&#8221;Zam\u00f3w&#8221; shape=&#8221;square&#8221; align=&#8221;center&#8221; el_class=&#8221;el_button&#8221; link=&#8221;url:http%3A%2F%2Fpenzionlimba.sk%2Fpl%2Frezerwacja-i-cennik|title:Rezerv%C3%A1cia%20a%20cenn%C3%ADk||&#8221;][\/vc_column_inner][\/vc_row_inner][\/vc_column][\/vc_row]<\/p>\n","protected":false},"excerpt":{"rendered":"<p>[vc_row full_width=&#8221;stretch_row_content&#8221; content_placement=&#8221;middle&#8221; el_class=&#8221;pg1_apartmany&#8221; css=&#8221;.vc_custom_1520511938043{background-image: url(http:\/\/penzionlimba.sk\/wp-content\/uploads\/2018\/02\/limba-app-bbg.jpg?id=745) !important;background-position: center !important;background-repeat: no-repeat !important;background-size: cover !important;}&#8221;][vc_column css=&#8221;.vc_custom_1516018014117{background-image: url(http:\/\/penzionlimba.sk\/wp-content\/uploads\/2018\/01\/prechodbiely-dole.png?id=19) !important;background-position: center !important;background-repeat: no-repeat !important;background-size: contain !important;}&#8221;][vc_column_text el_class=&#8221;el_nadpis&#8221;] APARTAMENTY LIMBA*** [\/vc_column_text][vc_column_text<\/p>\n","protected":false},"author":1,"featured_media":0,"parent":0,"menu_order":0,"comment_status":"closed","ping_status":"closed","template":"","meta":{"footnotes":""},"class_list":["post-640","page","type-page","status-publish","hentry"],"_links":{"self":[{"href":"https:\/\/penzionlimba.sk\/pl\/wp-json\/wp\/v2\/pages\/640","targetHints":{"allow":["GET"]}}],"collection":[{"href":"https:\/\/penzionlimba.sk\/pl\/wp-json\/wp\/v2\/pages"}],"about":[{"href":"https:\/\/penzionlimba.sk\/pl\/wp-json\/wp\/v2\/types\/page"}],"author":[{"embeddable":true,"href":"https:\/\/penzionlimba.sk\/pl\/wp-json\/wp\/v2\/users\/1"}],"replies":[{"embeddable":true,"href":"https:\/\/penzionlimba.sk\/pl\/wp-json\/wp\/v2\/comments?post=640"}],"version-history":[{"count":6,"href":"https:\/\/penzionlimba.sk\/pl\/wp-json\/wp\/v2\/pages\/640\/revisions"}],"predecessor-version":[{"id":1103,"href":"https:\/\/penzionlimba.sk\/pl\/wp-json\/wp\/v2\/pages\/640\/revisions\/1103"}],"wp:attachment":[{"href":"https:\/\/penzionlimba.sk\/pl\/wp-json\/wp\/v2\/media?parent=640"}],"curies":[{"name":"wp","href":"https:\/\/api.w.org\/{rel}","templated":true}]}}