{"id":649,"date":"2018-02-26T12:51:40","date_gmt":"2018-02-26T11:51:40","guid":{"rendered":"http:\/\/penzionlimba.sk\/?page_id=649"},"modified":"2019-06-29T15:27:07","modified_gmt":"2019-06-29T13:27:07","slug":"rezerwacja-i-cennik","status":"publish","type":"page","link":"https:\/\/penzionlimba.sk\/pl\/rezerwacja-i-cennik\/","title":{"rendered":"Rezerwacja i cennik"},"content":{"rendered":"<p>[vc_row full_width=&#8221;stretch_row_content&#8221; content_placement=&#8221;middle&#8221; el_class=&#8221;pg1_apartmany&#8221; css=&#8221;.vc_custom_1516964195256{background-image: url(http:\/\/penzionlimba.sk\/wp-content\/uploads\/2018\/01\/PenzionBar.jpg?id=151) !important;background-position: center !important;background-repeat: no-repeat !important;background-size: cover !important;}&#8221;][vc_column css=&#8221;.vc_custom_1516018014117{background-image: url(http:\/\/penzionlimba.sk\/wp-content\/uploads\/2018\/01\/prechodbiely-dole.png?id=19) !important;background-position: center !important;background-repeat: no-repeat !important;background-size: contain !important;}&#8221;][vc_column_text el_class=&#8221;el_nadpis&#8221;]<\/p>\n<h1 style=\"text-align: center;\">REZERWACJA I CENNIK<\/h1>\n<p>[\/vc_column_text][vc_column_text el_class=&#8221;el_nadpis&#8221; el_id=&#8221;el_nadpis2&#8243;]<\/p>\n<h2 style=\"text-align: center;\">Przyst\u0119pna cena dla wszystkich<\/h2>\n<p>[\/vc_column_text][\/vc_column][\/vc_row][vc_row el_class=&#8221;pg1_rezervacia&#8221;][vc_column][vc_column_text el_class=&#8221;el_nadpis&#8221;]<\/p>\n<h1 style=\"text-align: center;\">REZERWACJA<\/h1>\n<p>[\/vc_column_text][vc_column_text el_class=&#8221;el_popis&#8221;]<\/p>\n<h2>Podstawowe informacje<\/h2>\n<div role=\"form\" class=\"wpcf7\" id=\"wpcf7-f655-o1\" lang=\"sk-SK\" dir=\"ltr\">\n<div class=\"screen-reader-response\"><\/div>\n<form action=\"\/pl\/wp-json\/wp\/v2\/pages\/649#wpcf7-f655-o1\" method=\"post\" class=\"wpcf7-form\" novalidate=\"novalidate\">\n<div style=\"display: none;\">\n<input type=\"hidden\" name=\"_wpcf7\" value=\"655\" \/>\n<input type=\"hidden\" name=\"_wpcf7_version\" value=\"5.0.5\" \/>\n<input type=\"hidden\" name=\"_wpcf7_locale\" value=\"sk_SK\" \/>\n<input type=\"hidden\" name=\"_wpcf7_unit_tag\" value=\"wpcf7-f655-o1\" \/>\n<input type=\"hidden\" name=\"_wpcf7_container_post\" value=\"0\" \/>\n<\/div>\n<div class=\"rez-form\">\n<div class=\"meno-mail\">\n    <label> Imi\u0119 i Nazwisko (wymagany)<br \/>\n    <span class=\"wpcf7-form-control-wrap your-name\"><input type=\"text\" name=\"your-name\" value=\"\" size=\"40\" class=\"wpcf7-form-control wpcf7-text wpcf7-validates-as-required\" aria-required=\"true\" aria-invalid=\"false\" \/><\/span> <\/label><br \/>\n    <label> Tw\u00f3j e-mail (required)<br \/>\n    <span class=\"wpcf7-form-control-wrap your-email\"><input type=\"email\" name=\"your-email\" value=\"\" size=\"40\" class=\"wpcf7-form-control wpcf7-text wpcf7-email wpcf7-validates-as-required wpcf7-validates-as-email\" aria-required=\"true\" aria-invalid=\"false\" \/><\/span> <\/label>\n  <\/div>\n<div class=\"tel-os\">\n    <label> Numer telefonu (required)<br \/>\n    <span class=\"wpcf7-form-control-wrap telefon\"><input type=\"tel\" name=\"telefon\" value=\"\" size=\"40\" class=\"wpcf7-form-control wpcf7-text wpcf7-tel wpcf7-validates-as-required wpcf7-validates-as-tel\" aria-required=\"true\" aria-invalid=\"false\" \/><\/span> <\/label><br \/>\n    <label> Liczba os\u00f3b (required)<br \/>\n    <span class=\"wpcf7-form-control-wrap pocet-os\"><select name=\"pocet-os\" class=\"wpcf7-form-control wpcf7-select wpcf7-validates-as-required\" aria-required=\"true\" aria-invalid=\"false\"><option value=\"1\">1<\/option><option value=\"2\">2<\/option><option value=\"3\">3<\/option><option value=\"4\">4<\/option><option value=\"5\">5<\/option><option value=\"6\">6<\/option><option value=\"7\">7<\/option><option value=\"8\">8<\/option><option value=\"9\">9<\/option><option value=\"10\">10<\/option><\/select><\/span> <\/label>\n  <\/div>\n<div class=\"prichod-odchod\">\n    <label> Przyjazd (required)<br \/>\n    <span class=\"wpcf7-form-control-wrap z\"><input type=\"date\" name=\"z\" value=\"\" class=\"wpcf7-form-control wpcf7-date wpcf7-validates-as-required wpcf7-validates-as-date\" id=\"datum-od\" aria-required=\"true\" aria-invalid=\"false\" \/><\/span> <\/label><br \/>\n    <label> Wyj\u015bcie (required)<br \/>\n    <span class=\"wpcf7-form-control-wrap do\"><input type=\"date\" name=\"do\" value=\"\" class=\"wpcf7-form-control wpcf7-date wpcf7-validates-as-required wpcf7-validates-as-date\" id=\"datum-do\" aria-required=\"true\" aria-invalid=\"false\" \/><\/span> <\/label>\n  <\/div>\n<div class=\"izby\">\n<div class=\"ubytko\">\n<h2>Pension Limba<\/h2>\n<div class=\"ubytko-izba\">\n        <label> Comfort<\/label><span class=\"wpcf7-form-control-wrap Pcomfort\"><select name=\"Pcomfort\" class=\"wpcf7-form-control wpcf7-select wpcf7-validates-as-required\" aria-required=\"true\" aria-invalid=\"false\"><option value=\"0\">0<\/option><option value=\"1\">1<\/option><option value=\"2\">2<\/option><option value=\"3\">3<\/option><option value=\"4\">4<\/option><option value=\"5\">5<\/option><option value=\"6\">6<\/option><option value=\"7\">7<\/option><option value=\"8\">8<\/option><option value=\"9\">9<\/option><option value=\"10\">10<\/option><\/select><\/span>\n      <\/div>\n<div class=\"ubytko-izba\">\n        <label> Comfort rodzina<\/label><span class=\"wpcf7-form-control-wrap Pstandart\"><select name=\"Pstandart\" class=\"wpcf7-form-control wpcf7-select wpcf7-validates-as-required\" aria-required=\"true\" aria-invalid=\"false\"><option value=\"0\">0<\/option><option value=\"1\">1<\/option><option value=\"2\">2<\/option><option value=\"3\">3<\/option><option value=\"4\">4<\/option><option value=\"5\">5<\/option><option value=\"6\">6<\/option><option value=\"7\">7<\/option><option value=\"8\">8<\/option><option value=\"9\">9<\/option><option value=\"10\">10<\/option><\/select><\/span>\n      <\/div>\n<div class=\"ubytko-izba\">\n        <label> Economy<\/label><span class=\"wpcf7-form-control-wrap Prodinna\"><select name=\"Prodinna\" class=\"wpcf7-form-control wpcf7-select wpcf7-validates-as-required\" aria-required=\"true\" aria-invalid=\"false\"><option value=\"0\">0<\/option><option value=\"1\">1<\/option><option value=\"2\">2<\/option><option value=\"3\">3<\/option><option value=\"4\">4<\/option><option value=\"5\">5<\/option><option value=\"6\">6<\/option><option value=\"7\">7<\/option><option value=\"8\">8<\/option><option value=\"9\">9<\/option><option value=\"10\">10<\/option><\/select><\/span>\n      <\/div><\/div>\n<div class=\"ubytko\">\n<h2>Apartments Limba<\/h2>\n<div class=\"ubytko-izba\">\n        <label> SUITE 2 + 2<\/label><span class=\"wpcf7-form-control-wrap Lsuite22\"><select name=\"Lsuite22\" class=\"wpcf7-form-control wpcf7-select wpcf7-validates-as-required\" aria-required=\"true\" aria-invalid=\"false\"><option value=\"0\">0<\/option><option value=\"1\">1<\/option><option value=\"2\">2<\/option><option value=\"3\">3<\/option><option value=\"4\">4<\/option><option value=\"5\">5<\/option><option value=\"6\">6<\/option><option value=\"7\">7<\/option><option value=\"8\">8<\/option><option value=\"9\">9<\/option><option value=\"10\">10<\/option><\/select><\/span>\n      <\/div>\n<div class=\"ubytko-izba\">\n        <label> APARTAMENT 2 + 2<\/label><span class=\"wpcf7-form-control-wrap Lapartman22\"><select name=\"Lapartman22\" class=\"wpcf7-form-control wpcf7-select wpcf7-validates-as-required\" aria-required=\"true\" aria-invalid=\"false\"><option value=\"0\">0<\/option><option value=\"1\">1<\/option><option value=\"2\">2<\/option><option value=\"3\">3<\/option><option value=\"4\">4<\/option><option value=\"5\">5<\/option><option value=\"6\">6<\/option><option value=\"7\">7<\/option><option value=\"8\">8<\/option><option value=\"9\">9<\/option><option value=\"10\">10<\/option><\/select><\/span>\n      <\/div>\n<div class=\"ubytko-izba\">\n        <label> APARTAMENT 4 + 2<\/label><span class=\"wpcf7-form-control-wrap Lapartman42\"><select name=\"Lapartman42\" class=\"wpcf7-form-control wpcf7-select wpcf7-validates-as-required\" aria-required=\"true\" aria-invalid=\"false\"><option value=\"0\">0<\/option><option value=\"1\">1<\/option><option value=\"2\">2<\/option><\/select><\/span>\n      <\/div>\n<div class=\"ubytko-izba\">\n        <label>STUDIO 4 + 1<\/label><span class=\"wpcf7-form-control-wrap Lsapartman41\"><select name=\"Lsapartman41\" class=\"wpcf7-form-control wpcf7-select wpcf7-validates-as-required\" aria-required=\"true\" aria-invalid=\"false\"><option value=\"0\">0<\/option><option value=\"1\">1<\/option><\/select><\/span>\n      <\/div><\/div>\n<div class=\"ubytko\">\n<h2>Apartamenty Jasn\u00e1<\/h2>\n<div class=\"ubytko-izba\">\n        <label> APARTAMENT 2 + 1<\/label><span class=\"wpcf7-form-control-wrap Japartman21\"><select name=\"Japartman21\" class=\"wpcf7-form-control wpcf7-select wpcf7-validates-as-required\" aria-required=\"true\" aria-invalid=\"false\"><option value=\"0\">0<\/option><option value=\"1\">1<\/option><\/select><\/span>\n      <\/div>\n<div class=\"ubytko-izba\">\n        <label> APARTAMENT 2 + 2<\/label><span class=\"wpcf7-form-control-wrap Japartman22\"><select name=\"Japartman22\" class=\"wpcf7-form-control wpcf7-select wpcf7-validates-as-required\" aria-required=\"true\" aria-invalid=\"false\"><option value=\"0\">0<\/option><option value=\"1\">1<\/option><\/select><\/span>\n      <\/div>\n<div class=\"ubytko-izba\">\n        <label> APARTAMENT 2 + 2 + 2<\/label><span class=\"wpcf7-form-control-wrap Japartman222\"><select name=\"Japartman222\" class=\"wpcf7-form-control wpcf7-select wpcf7-validates-as-required\" aria-required=\"true\" aria-invalid=\"false\"><option value=\"0\">0<\/option><option value=\"1\">1<\/option><\/select><\/span>\n      <\/div><\/div><\/div>\n<div class=\"balik-ranajky1\">\n<div class=\"balik-ranajky\">\n<div class=\"baliky\">\n        <label> Pakiet mieszkaniowy <\/label><span class=\"wpcf7-form-control-wrap baliky\"><span class=\"wpcf7-form-control wpcf7-radio\"><span class=\"wpcf7-list-item first\"><input type=\"radio\" name=\"baliky\" value=\"Zaden\" checked=\"checked\" \/><span class=\"wpcf7-list-item-label\">Zaden<\/span><\/span><span class=\"wpcf7-list-item last\"><input type=\"radio\" name=\"baliky\" value=\"7 dni\" \/><span class=\"wpcf7-list-item-label\">7 dni<\/span><\/span><\/span><\/span>\n      <\/div>\n<div class=\"ranajky\">\n          <label> \u015aniadanie<br \/>\n       <span class=\"wpcf7-form-control-wrap ranajky\"><span class=\"wpcf7-form-control wpcf7-checkbox\"><span class=\"wpcf7-list-item first last\"><input type=\"checkbox\" name=\"ranajky[]\" value=\"tak\" \/><span class=\"wpcf7-list-item-label\">tak<\/span><\/span><\/span><\/span> <\/label>\n      <\/div>\n<div class=\"skolenia\">\n          <label> Konferencja<br \/>\n       <span class=\"wpcf7-form-control-wrap konferencia\"><span class=\"wpcf7-form-control wpcf7-checkbox\"><span class=\"wpcf7-list-item first last\"><input type=\"checkbox\" name=\"konferencia[]\" value=\"tak\" \/><span class=\"wpcf7-list-item-label\">tak<\/span><\/span><\/span><\/span> <\/label>\n      <\/div><\/div>\n<div class=\"sprava\">\n      <label> Dodatkowe informacje<\/p>\n<p>    <span class=\"wpcf7-form-control-wrap your-message\"><textarea name=\"your-message\" cols=\"40\" rows=\"10\" class=\"wpcf7-form-control wpcf7-textarea\" aria-invalid=\"false\"><\/textarea><\/span> <\/label>\n    <\/div>\n<div class=\"el_button\">\n<div class=\"wpcf7-form-control-wrap\"><div data-sitekey=\"6LcCfEcUAAAAAGn4yj_Un5yvN0r7ERC2p3zq1JTY\" class=\"wpcf7-form-control g-recaptcha wpcf7-recaptcha\"><\/div>\n<noscript>\n\t<div style=\"width: 302px; height: 422px;\">\n\t\t<div style=\"width: 302px; height: 422px; position: relative;\">\n\t\t\t<div style=\"width: 302px; height: 422px; position: absolute;\">\n\t\t\t\t<iframe src=\"https:\/\/www.google.com\/recaptcha\/api\/fallback?k=6LcCfEcUAAAAAGn4yj_Un5yvN0r7ERC2p3zq1JTY\" frameborder=\"0\" scrolling=\"no\" style=\"width: 302px; height:422px; border-style: none;\">\n\t\t\t\t<\/iframe>\n\t\t\t<\/div>\n\t\t\t<div style=\"width: 300px; height: 60px; border-style: none; bottom: 12px; left: 25px; margin: 0px; padding: 0px; right: 25px; background: #f9f9f9; border: 1px solid #c1c1c1; border-radius: 3px;\">\n\t\t\t\t<textarea id=\"g-recaptcha-response\" name=\"g-recaptcha-response\" class=\"g-recaptcha-response\" style=\"width: 250px; height: 40px; border: 1px solid #c1c1c1; margin: 10px 25px; padding: 0px; resize: none;\">\n\t\t\t\t<\/textarea>\n\t\t\t<\/div>\n\t\t<\/div>\n\t<\/div>\n<\/noscript>\n<\/div>\n<p>      <input type=\"submit\" value=\"Zam\u00f3w\" class=\"wpcf7-form-control wpcf7-submit\" \/>\n    <\/p><\/div><\/div>\n<\/div>\n<div class=\"wpcf7-response-output wpcf7-display-none\"><\/div><\/form><\/div>[\/vc_column_text][\/vc_column][\/vc_row][vc_row el_class=&#8221;pg2_apartmany&#8221; el_id=&#8221;cennik&#8221;][vc_column][vc_column_text el_class=&#8221;el_nadpis&#8221;]<\/p>\n<h1 style=\"text-align: center;\">CENNIK<\/h1>\n<p>[\/vc_column_text]<div id=\"mpc_tabs-2669ef36348de76\" class=\"mpc-tabs mpc-init mpc-transition mpc-tabs--top el_tabs\"  data-active=\"0\"><div class=\"mpc-tabs__nav mpc-align--center\"><ul><li class=\"mpc-tabs__nav-item mpc-parent-hover mpc-active\" data-tab_id=\"1516964368-1-71\"><div data-id=\"mpc_button-4469ef36348e696\" class=\"mpc-button mpc-init mpc-transition \" ><div class=\"mpc-button__content mpc-effect-type--none mpc-effect-side--none\"><span class=\"mpc-button__title mpc-transition\">1.6.2019 - 30.11.2019<\/span><\/div><div class=\"mpc-button__background mpc-transition mpc-effect-type--fade mpc-effect-side--in\"><\/div><\/div><\/li><li class=\"mpc-tabs__nav-item mpc-parent-hover\" data-tab_id=\"1517226284033-6\"><div data-id=\"mpc_button-6269ef36348e7f0\" class=\"mpc-button mpc-init mpc-transition \" ><div class=\"mpc-button__content mpc-effect-type--none mpc-effect-side--none\"><span class=\"mpc-button__title mpc-transition\">30.11.2019 - 11.1.2020<\/span><\/div><div class=\"mpc-button__background mpc-transition mpc-effect-type--fade mpc-effect-side--in\"><\/div><\/div><\/li><li class=\"mpc-tabs__nav-item mpc-parent-hover\" data-tab_id=\"1540295641871-2-1\"><div data-id=\"mpc_button-9369ef36348e8d0\" class=\"mpc-button mpc-init mpc-transition \" ><div class=\"mpc-button__content mpc-effect-type--none mpc-effect-side--none\"><span class=\"mpc-button__title mpc-transition\">11.1.2020 - 22.2.2020<\/span><\/div><div class=\"mpc-button__background mpc-transition mpc-effect-type--fade mpc-effect-side--in\"><\/div><\/div><\/li><li class=\"mpc-tabs__nav-item mpc-parent-hover\" data-tab_id=\"1540295645585-3-8\"><div data-id=\"mpc_button-4369ef36348e9ad\" class=\"mpc-button mpc-init mpc-transition \" ><div class=\"mpc-button__content mpc-effect-type--none mpc-effect-side--none\"><span class=\"mpc-button__title mpc-transition\">22.2.2020 - 15.4.2020<\/span><\/div><div class=\"mpc-button__background mpc-transition mpc-effect-type--fade mpc-effect-side--in\"><\/div><\/div><\/li><\/ul><\/div><div class=\"mpc-tabs__content mpc-transition\"><div class=\"mpc-tab mpc-container mpc-transition \" id=\"1516964368-1-71\" data-active=\"true\"><div class=\"mpc-tab__content\">[vc_column_text el_class=&#8221;el_popis&#8221;]<\/p>\n<h2 class=\"gallery-nadpis\" style=\"margin-top: 35px;\">Pensjonat LIMBA<\/h2>\n<table>\n<thead>\n<tr>\n<td rowspan=\"3\"><img loading=\"lazy\" decoding=\"async\" class=\"aligncenter wp-image-1163\" src=\"https:\/\/penzionlimba.sk\/wp-content\/uploads\/2018\/07\/limba_blacktransparent-150x150.png\" alt=\"\" width=\"100\" height=\"100\" srcset=\"https:\/\/penzionlimba.sk\/wp-content\/uploads\/2018\/07\/limba_blacktransparent-150x150.png 150w, https:\/\/penzionlimba.sk\/wp-content\/uploads\/2018\/07\/limba_blacktransparent-300x300.png 300w, https:\/\/penzionlimba.sk\/wp-content\/uploads\/2018\/07\/limba_blacktransparent-768x768.png 768w, https:\/\/penzionlimba.sk\/wp-content\/uploads\/2018\/07\/limba_blacktransparent-1024x1024.png 1024w, https:\/\/penzionlimba.sk\/wp-content\/uploads\/2018\/07\/limba_blacktransparent-146x146.png 146w, https:\/\/penzionlimba.sk\/wp-content\/uploads\/2018\/07\/limba_blacktransparent-50x50.png 50w, https:\/\/penzionlimba.sk\/wp-content\/uploads\/2018\/07\/limba_blacktransparent-75x75.png 75w, https:\/\/penzionlimba.sk\/wp-content\/uploads\/2018\/07\/limba_blacktransparent-85x85.png 85w, https:\/\/penzionlimba.sk\/wp-content\/uploads\/2018\/07\/limba_blacktransparent-80x80.png 80w, https:\/\/penzionlimba.sk\/wp-content\/uploads\/2018\/07\/limba_blacktransparent.png 1500w\" sizes=\"auto, (max-width: 100px) 100vw, 100px\" \/><\/td>\n<td style=\"text-align: center;\" colspan=\"6\">Cena za pok\u00f3j \/ noc<\/td>\n<\/tr>\n<tr>\n<td colspan=\"2\"><strong>1.6. &#8211; 28.6.2019<\/strong><\/td>\n<td colspan=\"2\"><strong>28.6. &#8211; 2.9.2019<\/strong><\/td>\n<td colspan=\"2\"><strong>2.9. &#8211; 30.11.2019<\/strong><\/td>\n<\/tr>\n<tr>\n<td>Economy **+<\/td>\n<td>Comfort ***<\/td>\n<td>Economy **+<\/td>\n<td>Comfort ***<\/td>\n<td>Economy **+<\/td>\n<td>Comfort ***<\/td>\n<\/tr>\n<\/thead>\n<tbody>\n<tr>\n<td colspan=\"7\"><\/td>\n<\/tr>\n<tr>\n<td><strong>Pok\u00f3j dwuosobowy<\/strong><\/td>\n<td><strong>od 40 \u20ac<\/strong><\/td>\n<td><strong>od 48 \u20ac<\/strong><\/td>\n<td><strong>od 48 \u20ac<\/strong><\/td>\n<td><strong>od 56 \u20ac<\/strong><\/td>\n<td><strong>od 44 \u20ac<\/strong><\/td>\n<td><strong>od 48 \u20ac<\/strong><\/td>\n<\/tr>\n<tr>\n<td>dostawka dziecko poni\u017cej 12 lat<\/td>\n<td>od 12 \u20ac<\/td>\n<td>od 14 \u20ac<\/td>\n<td>od 15 \u20ac<\/td>\n<td>od 16 \u20ac<\/td>\n<td>od 13 \u20ac<\/td>\n<td>od 14 \u20ac<\/td>\n<\/tr>\n<tr>\n<td><strong>Pok\u00f3j 3-osobowy<\/strong><\/td>\n<td><strong>od 60 \u20ac<\/strong><\/td>\n<td><strong>od 72 \u20ac<\/strong><\/td>\n<td><strong>od 72 \u20ac<\/strong><\/td>\n<td><strong>od 84 \u20ac<\/strong><\/td>\n<td><strong>od 66 \u20ac<\/strong><\/td>\n<td><strong>od 72 \u20ac<\/strong><\/td>\n<\/tr>\n<tr>\n<td colspan=\"7\"><\/td>\n<\/tr>\n<tr>\n<td><strong>Pok\u00f3j rodzinny 2+3<\/strong><\/td>\n<td><strong>od 61 \u20ac<\/strong><\/td>\n<td><strong>od 69 \u20ac<\/strong><\/td>\n<td><strong>od 76 \u20ac<\/strong><\/td>\n<td><strong>od 86 \u20ac<\/strong><\/td>\n<td><strong>od 61 \u20ac<\/strong><\/td>\n<td><strong>od 69 \u20ac<\/strong><\/td>\n<\/tr>\n<\/tbody>\n<\/table>\n<p>&nbsp;<\/p>\n<h2 class=\"gallery-nadpis\" style=\"margin-top: 35px;\">Apartamenty LIMBA****<\/h2>\n<table>\n<thead>\n<tr>\n<td rowspan=\"2\"><img loading=\"lazy\" decoding=\"async\" class=\"aligncenter wp-image-1163\" src=\"https:\/\/penzionlimba.sk\/wp-content\/uploads\/2018\/07\/limba_blacktransparent-300x300.png\" alt=\"\" width=\"100\" height=\"100\" srcset=\"https:\/\/penzionlimba.sk\/wp-content\/uploads\/2018\/07\/limba_blacktransparent-300x300.png 300w, https:\/\/penzionlimba.sk\/wp-content\/uploads\/2018\/07\/limba_blacktransparent-150x150.png 150w, https:\/\/penzionlimba.sk\/wp-content\/uploads\/2018\/07\/limba_blacktransparent-768x768.png 768w, https:\/\/penzionlimba.sk\/wp-content\/uploads\/2018\/07\/limba_blacktransparent-1024x1024.png 1024w, https:\/\/penzionlimba.sk\/wp-content\/uploads\/2018\/07\/limba_blacktransparent-146x146.png 146w, https:\/\/penzionlimba.sk\/wp-content\/uploads\/2018\/07\/limba_blacktransparent-50x50.png 50w, https:\/\/penzionlimba.sk\/wp-content\/uploads\/2018\/07\/limba_blacktransparent-75x75.png 75w, https:\/\/penzionlimba.sk\/wp-content\/uploads\/2018\/07\/limba_blacktransparent-85x85.png 85w, https:\/\/penzionlimba.sk\/wp-content\/uploads\/2018\/07\/limba_blacktransparent-80x80.png 80w, https:\/\/penzionlimba.sk\/wp-content\/uploads\/2018\/07\/limba_blacktransparent.png 1500w\" sizes=\"auto, (max-width: 100px) 100vw, 100px\" \/><\/td>\n<td style=\"text-align: center;\" colspan=\"3\">Cena za apartament \/ noc<\/td>\n<\/tr>\n<tr>\n<td><strong>1.6. &#8211; 28.6.2019\u00a0 \u00a0\u00a0<\/strong><\/td>\n<td><strong>28.6. &#8211; 2.9.2019\u00a0 \u00a0 \u00a0<\/strong><\/td>\n<td><strong>2.9. &#8211; 30.11.2019\u00a0\u00a0<\/strong><\/td>\n<\/tr>\n<\/thead>\n<tbody>\n<tr>\n<td><strong>Studio 2+2<\/strong><\/td>\n<td><strong>od 56 \u20ac<\/strong><\/td>\n<td><strong>od 76 \u20ac<\/strong><\/td>\n<td><strong>od 56 \u20ac<\/strong><\/td>\n<\/tr>\n<tr>\n<td><strong>Apartament 2+2<\/strong><br \/>\n<i>1 sypialnia z balkonem<\/i><\/td>\n<td><strong>od 68 \u20ac<\/strong><\/td>\n<td><strong>od 85 \u20ac<\/strong><\/td>\n<td><strong>od 68 \u20ac<\/strong><\/td>\n<\/tr>\n<tr>\n<td><strong>Studio LIMBA 4+1<\/strong><br \/>\n<i>z tarasem<\/i><\/td>\n<td><strong>od 68 \u20ac<\/strong><\/td>\n<td><strong>od 85 \u20ac<\/strong><\/td>\n<td><strong>od 68 \u20ac<\/strong><\/td>\n<\/tr>\n<tr>\n<td><strong>Apartament LIMBA 4+2\u00a0\u00a0<\/strong><br \/>\n<i>2 sypialnie z tarasem<\/i><\/td>\n<td><strong>od 90 \u20ac<\/strong><\/td>\n<td><strong>od 130 \u20ac<\/strong><\/td>\n<td><strong>od 90 \u20ac<\/strong><\/td>\n<\/tr>\n<\/tbody>\n<\/table>\n<p>&nbsp;<\/p>\n<h2 class=\"gallery-nadpis\" style=\"margin-top: 35px;\">Apartamenty JASN\u00c1***<\/h2>\n<table>\n<thead>\n<tr>\n<td rowspan=\"3\"><img loading=\"lazy\" decoding=\"async\" class=\"aligncenter wp-image-1162\" src=\"https:\/\/penzionlimba.sk\/wp-content\/uploads\/2018\/07\/jasna_blacktransparent-300x300.png\" alt=\"\" width=\"100\" height=\"100\" srcset=\"https:\/\/penzionlimba.sk\/wp-content\/uploads\/2018\/07\/jasna_blacktransparent-300x300.png 300w, https:\/\/penzionlimba.sk\/wp-content\/uploads\/2018\/07\/jasna_blacktransparent-150x150.png 150w, https:\/\/penzionlimba.sk\/wp-content\/uploads\/2018\/07\/jasna_blacktransparent-768x768.png 768w, https:\/\/penzionlimba.sk\/wp-content\/uploads\/2018\/07\/jasna_blacktransparent-1024x1024.png 1024w, https:\/\/penzionlimba.sk\/wp-content\/uploads\/2018\/07\/jasna_blacktransparent-146x146.png 146w, https:\/\/penzionlimba.sk\/wp-content\/uploads\/2018\/07\/jasna_blacktransparent-50x50.png 50w, https:\/\/penzionlimba.sk\/wp-content\/uploads\/2018\/07\/jasna_blacktransparent-75x75.png 75w, https:\/\/penzionlimba.sk\/wp-content\/uploads\/2018\/07\/jasna_blacktransparent-85x85.png 85w, https:\/\/penzionlimba.sk\/wp-content\/uploads\/2018\/07\/jasna_blacktransparent-80x80.png 80w, https:\/\/penzionlimba.sk\/wp-content\/uploads\/2018\/07\/jasna_blacktransparent.png 1500w\" sizes=\"auto, (max-width: 100px) 100vw, 100px\" \/><\/td>\n<td style=\"text-align: center;\" colspan=\"3\">Cena za apartament \/ noc<\/td>\n<\/tr>\n<tr>\n<td><strong>1.6. &#8211; 28.6.2019<\/strong><\/td>\n<td><strong>28.6. &#8211; 2.9.2019<\/strong><\/td>\n<td><strong>2.9. &#8211; 30.11.2019<\/strong><\/td>\n<\/tr>\n<tr>\n<td>minimalny pobyt: 2 noce<\/td>\n<td>minimalny pobyt: 2 noce<\/td>\n<td>minimalny pobyt: 2 noce<\/td>\n<\/tr>\n<\/thead>\n<tbody>\n<tr>\n<td><strong>Studio 2+2<\/strong><\/td>\n<td><strong>od 40 \u20ac<\/strong><\/td>\n<td><strong>od 53 \u20ac<\/strong><\/td>\n<td><strong>od 40 \u20ac<\/strong><\/td>\n<\/tr>\n<tr>\n<td><strong>Studio RONDO 4+0<\/strong><\/td>\n<td><strong>od 45 \u20ac<\/strong><\/td>\n<td><strong>od 59 \u20ac<\/strong><\/td>\n<td><strong>od 45 \u20ac<\/strong><\/td>\n<\/tr>\n<tr>\n<td><strong>Apartament 5+2<\/strong><br \/>\n<i>2 sypialnie<\/i><\/td>\n<td><strong>od 60 \u20ac<\/strong><\/td>\n<td><strong>od 79 \u20ac<\/strong><\/td>\n<td><strong>od 55 \u20ac<\/strong><\/td>\n<\/tr>\n<\/tbody>\n<\/table>\n<p>[\/vc_column_text]<\/div><\/div><div class=\"mpc-tab mpc-container mpc-transition \" id=\"1517226284033-6\" data-active=\"false\"><div class=\"mpc-tab__content\">[vc_column_text el_class=&#8221;el_popis&#8221;]<\/p>\n<h2 class=\"gallery-nadpis\" style=\"margin-top: 35px;\">Pensjonat LIMBA<\/h2>\n<table>\n<thead>\n<tr>\n<td rowspan=\"3\"><img loading=\"lazy\" decoding=\"async\" class=\"aligncenter wp-image-1163\" src=\"https:\/\/penzionlimba.sk\/wp-content\/uploads\/2018\/07\/limba_blacktransparent-150x150.png\" alt=\"\" width=\"100\" height=\"100\" srcset=\"https:\/\/penzionlimba.sk\/wp-content\/uploads\/2018\/07\/limba_blacktransparent-150x150.png 150w, https:\/\/penzionlimba.sk\/wp-content\/uploads\/2018\/07\/limba_blacktransparent-300x300.png 300w, https:\/\/penzionlimba.sk\/wp-content\/uploads\/2018\/07\/limba_blacktransparent-768x768.png 768w, https:\/\/penzionlimba.sk\/wp-content\/uploads\/2018\/07\/limba_blacktransparent-1024x1024.png 1024w, https:\/\/penzionlimba.sk\/wp-content\/uploads\/2018\/07\/limba_blacktransparent-146x146.png 146w, https:\/\/penzionlimba.sk\/wp-content\/uploads\/2018\/07\/limba_blacktransparent-50x50.png 50w, https:\/\/penzionlimba.sk\/wp-content\/uploads\/2018\/07\/limba_blacktransparent-75x75.png 75w, https:\/\/penzionlimba.sk\/wp-content\/uploads\/2018\/07\/limba_blacktransparent-85x85.png 85w, https:\/\/penzionlimba.sk\/wp-content\/uploads\/2018\/07\/limba_blacktransparent-80x80.png 80w, https:\/\/penzionlimba.sk\/wp-content\/uploads\/2018\/07\/limba_blacktransparent.png 1500w\" sizes=\"auto, (max-width: 100px) 100vw, 100px\" \/><\/td>\n<td style=\"text-align: center;\" colspan=\"6\">Cena za pok\u00f3j \/ noc<\/td>\n<\/tr>\n<tr>\n<td colspan=\"2\"><strong>30.11. &#8211; 20.12.2019<\/strong><\/td>\n<td colspan=\"2\"><strong>20.12. &#8211; 25.12.2019<\/strong><\/td>\n<td colspan=\"2\"><strong>25.12. &#8211; 11.1.2020<\/strong><\/td>\n<\/tr>\n<tr>\n<td>Economy **+<\/td>\n<td>Comfort ***<\/td>\n<td>Economy **+<\/td>\n<td>Comfort ***<\/td>\n<td>Economy **+<\/td>\n<td>Comfort ***<\/td>\n<\/tr>\n<\/thead>\n<tbody>\n<tr>\n<td colspan=\"7\"><\/td>\n<\/tr>\n<tr>\n<td><strong>Pok\u00f3j dwuosobowy<\/strong><\/td>\n<td><strong>od 44 \u20ac\u00a0<\/strong><\/td>\n<td><strong>od 50 \u20ac\u00a0<\/strong><\/td>\n<td><strong>od 48 \u20ac\u00a0<\/strong><\/td>\n<td><strong>od 56 \u20ac\u00a0<\/strong><\/td>\n<td><strong>od 78 \u20ac<\/strong>\u00a0 <em>RN<\/em><\/td>\n<td><strong>od 90 \u20ac\u00a0\u00a0<\/strong><em>RN<\/em><\/td>\n<\/tr>\n<tr>\n<td>dostawka dziecko poni\u017cej 12 lat<\/td>\n<td>od 13 \u20ac<\/td>\n<td>od 14 \u20ac<\/td>\n<td>od 14 \u20ac<\/td>\n<td>od 16 \u20ac<\/td>\n<td>od 22 \u20ac\u00a0 <em>\u00a0RN<\/em><\/td>\n<td>od 25 \u20ac\u00a0 \u00a0<em>RN<\/em><\/td>\n<\/tr>\n<tr>\n<td><strong>Pok\u00f3j 3-osobowy<\/strong><\/td>\n<td><strong>od 66 \u20ac\u00a0<\/strong><\/td>\n<td><strong>od 75 \u20ac\u00a0<\/strong><\/td>\n<td><strong>od 72 \u20ac\u00a0<\/strong><\/td>\n<td><strong>od 84 \u20ac\u00a0<\/strong><\/td>\n<td><strong>od 117 \u20ac\u00a0 \u00a0<\/strong><em>RN<\/em><\/td>\n<td><strong>od 135 \u20ac\u00a0\u00a0<\/strong><em>RN<\/em><\/td>\n<\/tr>\n<tr>\n<td colspan=\"7\">RN = cena obejmuje \u015bniadanie w formie bufetu<\/td>\n<\/tr>\n<tr>\n<td><strong>Pok\u00f3j rodzinny 2+3<\/strong><\/td>\n<td><strong>od 69 \u20ac<\/strong><\/td>\n<td><strong>od 75 \u20ac<\/strong><\/td>\n<td><strong>od 79 \u20ac<\/strong><\/td>\n<td><strong>od 84 \u20ac<\/strong><\/td>\n<td><strong>od 90 \u20ac<\/strong><\/td>\n<td><strong>od 98 \u20ac<\/strong><\/td>\n<\/tr>\n<\/tbody>\n<\/table>\n<p>&nbsp;<\/p>\n<h2 class=\"gallery-nadpis\" style=\"margin-top: 35px;\">Apartamenty LIMBA****<\/h2>\n<table>\n<thead>\n<tr>\n<td rowspan=\"2\"><img loading=\"lazy\" decoding=\"async\" class=\"aligncenter wp-image-1163\" src=\"https:\/\/penzionlimba.sk\/wp-content\/uploads\/2018\/07\/limba_blacktransparent-300x300.png\" alt=\"\" width=\"100\" height=\"100\" srcset=\"https:\/\/penzionlimba.sk\/wp-content\/uploads\/2018\/07\/limba_blacktransparent-300x300.png 300w, https:\/\/penzionlimba.sk\/wp-content\/uploads\/2018\/07\/limba_blacktransparent-150x150.png 150w, https:\/\/penzionlimba.sk\/wp-content\/uploads\/2018\/07\/limba_blacktransparent-768x768.png 768w, https:\/\/penzionlimba.sk\/wp-content\/uploads\/2018\/07\/limba_blacktransparent-1024x1024.png 1024w, https:\/\/penzionlimba.sk\/wp-content\/uploads\/2018\/07\/limba_blacktransparent-146x146.png 146w, https:\/\/penzionlimba.sk\/wp-content\/uploads\/2018\/07\/limba_blacktransparent-50x50.png 50w, https:\/\/penzionlimba.sk\/wp-content\/uploads\/2018\/07\/limba_blacktransparent-75x75.png 75w, https:\/\/penzionlimba.sk\/wp-content\/uploads\/2018\/07\/limba_blacktransparent-85x85.png 85w, https:\/\/penzionlimba.sk\/wp-content\/uploads\/2018\/07\/limba_blacktransparent-80x80.png 80w, https:\/\/penzionlimba.sk\/wp-content\/uploads\/2018\/07\/limba_blacktransparent.png 1500w\" sizes=\"auto, (max-width: 100px) 100vw, 100px\" \/><\/td>\n<td style=\"text-align: center;\" colspan=\"3\">Cena za apartament \/ noc<\/td>\n<\/tr>\n<tr>\n<td><strong>30.11. &#8211; 20.12.2019\u00a0\u00a0<\/strong><\/td>\n<td><strong>20.12. &#8211; 25.12.2019\u00a0 <\/strong><\/td>\n<td><strong>25.12. &#8211; 11.1.2020\u00a0 <\/strong><\/td>\n<\/tr>\n<\/thead>\n<tbody>\n<tr>\n<td><strong>Studio 2+2<\/strong><\/td>\n<td><strong>od 61 \u20ac<\/strong><\/td>\n<td><strong>od 79 \u20ac<\/strong><\/td>\n<td><strong>od 98 \u20ac<\/strong><\/td>\n<\/tr>\n<tr>\n<td><strong>Apartament 2+2<\/strong><br \/>\n<i>1 sypialnia z balkonem<\/i><\/td>\n<td><strong>od 69 \u20ac<\/strong><\/td>\n<td><strong>od 85 \u20ac<\/strong><\/td>\n<td><strong>od 120 \u20ac<\/strong><\/td>\n<\/tr>\n<tr>\n<td><strong>Studio LIMBA 4+1<\/strong><br \/>\n<i>z tarasem<\/i><\/td>\n<td><strong>od 69 \u20ac<\/strong><\/td>\n<td><strong>od 85 \u20ac<\/strong><\/td>\n<td><strong>od 120 \u20ac<\/strong><\/td>\n<\/tr>\n<tr>\n<td><strong>Apartament LIMBA 4+2\u00a0<\/strong><br \/>\n<i>2 sypialnie z tarasem<\/i><\/td>\n<td><strong>od 100 \u20ac<\/strong><\/td>\n<td><strong>od 110 \u20ac<\/strong><\/td>\n<td><strong>od 140 \u20ac<\/strong><\/td>\n<\/tr>\n<\/tbody>\n<\/table>\n<p>&nbsp;<\/p>\n<h2 class=\"gallery-nadpis\" style=\"margin-top: 35px;\">Apartamenty JASN\u00c1***<\/h2>\n<table>\n<thead>\n<tr>\n<td rowspan=\"3\"><img loading=\"lazy\" decoding=\"async\" class=\"aligncenter wp-image-1162\" src=\"https:\/\/penzionlimba.sk\/wp-content\/uploads\/2018\/07\/jasna_blacktransparent-300x300.png\" alt=\"\" width=\"100\" height=\"100\" srcset=\"https:\/\/penzionlimba.sk\/wp-content\/uploads\/2018\/07\/jasna_blacktransparent-300x300.png 300w, https:\/\/penzionlimba.sk\/wp-content\/uploads\/2018\/07\/jasna_blacktransparent-150x150.png 150w, https:\/\/penzionlimba.sk\/wp-content\/uploads\/2018\/07\/jasna_blacktransparent-768x768.png 768w, https:\/\/penzionlimba.sk\/wp-content\/uploads\/2018\/07\/jasna_blacktransparent-1024x1024.png 1024w, https:\/\/penzionlimba.sk\/wp-content\/uploads\/2018\/07\/jasna_blacktransparent-146x146.png 146w, https:\/\/penzionlimba.sk\/wp-content\/uploads\/2018\/07\/jasna_blacktransparent-50x50.png 50w, https:\/\/penzionlimba.sk\/wp-content\/uploads\/2018\/07\/jasna_blacktransparent-75x75.png 75w, https:\/\/penzionlimba.sk\/wp-content\/uploads\/2018\/07\/jasna_blacktransparent-85x85.png 85w, https:\/\/penzionlimba.sk\/wp-content\/uploads\/2018\/07\/jasna_blacktransparent-80x80.png 80w, https:\/\/penzionlimba.sk\/wp-content\/uploads\/2018\/07\/jasna_blacktransparent.png 1500w\" sizes=\"auto, (max-width: 100px) 100vw, 100px\" \/><\/td>\n<td style=\"text-align: center;\" colspan=\"3\">Cena za apartament \/ noc<\/td>\n<\/tr>\n<tr>\n<td><strong>30.11. &#8211; 25.12.2019<\/strong><\/td>\n<td><strong>25.12. &#8211; 11.1.2020<\/strong><\/td>\n<td><strong>11.1. &#8211; 25.1.2020<\/strong><\/td>\n<\/tr>\n<tr>\n<td>minimalny pobyt: 7 noce<\/td>\n<td>minimalny pobyt: 7 noce<\/td>\n<td>minimalny pobyt: 7 noce<\/td>\n<\/tr>\n<\/thead>\n<tbody>\n<tr>\n<td><strong>Studio 2+2<\/strong><\/td>\n<td><strong>od 63 \u20ac<\/strong><\/td>\n<td><strong>od 120 \u20ac<\/strong><\/td>\n<td><strong>od 95 \u20ac<\/strong><\/td>\n<\/tr>\n<tr>\n<td><strong>Studio RONDO 4+0\u00a0<\/strong><\/td>\n<td><strong>od 85 \u20ac<\/strong><\/td>\n<td><strong>od 160 \u20ac<\/strong><\/td>\n<td><strong>od 115 \u20ac<\/strong><\/td>\n<\/tr>\n<tr>\n<td><strong>Apartament 5+2<\/strong><br \/>\n<i>2 sypialnie<\/i><\/td>\n<td><strong>od 105 \u20ac<\/strong><\/td>\n<td><strong>od 240 \u20ac<\/strong><\/td>\n<td><strong>od 160 \u20ac<\/strong><\/td>\n<\/tr>\n<\/tbody>\n<\/table>\n<p>[\/vc_column_text]<\/div><\/div><div class=\"mpc-tab mpc-container mpc-transition \" id=\"1540295641871-2-1\" data-active=\"false\"><div class=\"mpc-tab__content\">[vc_column_text]<\/p>\n<h2 class=\"gallery-nadpis\" style=\"margin-top: 35px;\">Pensjonat LIMBA<\/h2>\n<table>\n<thead>\n<tr>\n<td rowspan=\"3\"><img loading=\"lazy\" decoding=\"async\" class=\"aligncenter wp-image-1163\" src=\"https:\/\/penzionlimba.sk\/wp-content\/uploads\/2018\/07\/limba_blacktransparent-150x150.png\" alt=\"\" width=\"100\" height=\"100\" srcset=\"https:\/\/penzionlimba.sk\/wp-content\/uploads\/2018\/07\/limba_blacktransparent-150x150.png 150w, https:\/\/penzionlimba.sk\/wp-content\/uploads\/2018\/07\/limba_blacktransparent-300x300.png 300w, https:\/\/penzionlimba.sk\/wp-content\/uploads\/2018\/07\/limba_blacktransparent-768x768.png 768w, https:\/\/penzionlimba.sk\/wp-content\/uploads\/2018\/07\/limba_blacktransparent-1024x1024.png 1024w, https:\/\/penzionlimba.sk\/wp-content\/uploads\/2018\/07\/limba_blacktransparent-146x146.png 146w, https:\/\/penzionlimba.sk\/wp-content\/uploads\/2018\/07\/limba_blacktransparent-50x50.png 50w, https:\/\/penzionlimba.sk\/wp-content\/uploads\/2018\/07\/limba_blacktransparent-75x75.png 75w, https:\/\/penzionlimba.sk\/wp-content\/uploads\/2018\/07\/limba_blacktransparent-85x85.png 85w, https:\/\/penzionlimba.sk\/wp-content\/uploads\/2018\/07\/limba_blacktransparent-80x80.png 80w, https:\/\/penzionlimba.sk\/wp-content\/uploads\/2018\/07\/limba_blacktransparent.png 1500w\" sizes=\"auto, (max-width: 100px) 100vw, 100px\" \/><\/td>\n<td style=\"text-align: center;\" colspan=\"6\">Cena za pok\u00f3j \/ noc<\/td>\n<\/tr>\n<tr>\n<td colspan=\"2\"><strong>11.1. &#8211; 18.1.2020<\/strong><\/td>\n<td colspan=\"2\"><strong>18.1. &#8211; 8.2.2020<\/strong><\/td>\n<td colspan=\"2\"><strong>8.2. &#8211; 22.2.2020<\/strong><\/td>\n<\/tr>\n<tr>\n<td>Economy **+<\/td>\n<td>Comfort ***<\/td>\n<td>Economy **+<\/td>\n<td>Comfort ***<\/td>\n<td>Economy **+<\/td>\n<td>Comfort ***<\/td>\n<\/tr>\n<\/thead>\n<tbody>\n<tr>\n<td colspan=\"7\"><\/td>\n<\/tr>\n<tr>\n<td><strong>Pok\u00f3j dwuosobowy<\/strong><\/td>\n<td><strong>od 58 \u20ac\u00a0 <\/strong><em>RN<\/em><\/td>\n<td><strong>od 72 \u20ac\u00a0 \u00a0 <\/strong><em>RN<\/em><\/td>\n<td><strong>od 66 \u20ac\u00a0 \u00a0 <\/strong><em>RN<\/em><\/td>\n<td><strong>od 78 \u20ac\u00a0 <em>\u00a0 <\/em><\/strong><em>RN<\/em><\/td>\n<td><strong>od 76 \u20ac\u00a0 \u00a0<\/strong><em>RN<\/em><\/td>\n<td><strong>od 84 \u20ac\u00a0 \u00a0 <\/strong><em>RN<\/em><\/td>\n<\/tr>\n<tr>\n<td>dostawka dziecko poni\u017cej 12 lat<\/td>\n<td>od 17 \u20ac\u00a0 \u00a0 <em>RN<\/em><\/td>\n<td>od 20 \u20ac\u00a0 \u00a0<em> RN<\/em><\/td>\n<td>od 19 \u20ac\u00a0 \u00a0 <em>RN<\/em><\/td>\n<td>od 22 \u20ac\u00a0 \u00a0 <em>RN<\/em><\/td>\n<td>od 21 \u20ac\u00a0 \u00a0<em>RN<\/em><\/td>\n<td>od 23 \u20ac\u00a0 \u00a0<em>RN<\/em><\/td>\n<\/tr>\n<tr>\n<td><strong>Pok\u00f3j 3-osobowy<\/strong><\/td>\n<td><strong>od 87 \u20ac\u00a0 <\/strong><em>RN<\/em><\/td>\n<td><strong>od 108 \u20ac\u00a0 \u00a0<\/strong><em>RN<\/em><\/td>\n<td><strong>od 99 \u20ac\u00a0 \u00a0 <\/strong><em>RN<\/em><\/td>\n<td><strong>od 117 \u20ac\u00a0 \u00a0<\/strong><em>RN<\/em><\/td>\n<td><strong>od 114 \u20ac\u00a0 \u00a0<\/strong><em>RN<\/em><\/td>\n<td><strong>od 126 \u20ac\u00a0 \u00a0<\/strong><em>RN<\/em><\/td>\n<\/tr>\n<tr>\n<td colspan=\"7\"><em>RN = cena obejmuje \u015bniadanie w formie bufetu<\/em><\/td>\n<\/tr>\n<tr>\n<td><strong>Pok\u00f3j rodzinny 2+3<\/strong><\/td>\n<td><strong>od 79 \u20ac<\/strong><\/td>\n<td><strong>od 84 \u20ac<\/strong><\/td>\n<td><strong>od 79 \u20ac<\/strong><\/td>\n<td><strong>od 86 \u20ac<\/strong><\/td>\n<td><strong>od 92 \u20ac<\/strong><\/td>\n<td><strong>od 98 \u20ac<\/strong><\/td>\n<\/tr>\n<\/tbody>\n<\/table>\n<p>&nbsp;<\/p>\n<h2 class=\"gallery-nadpis\" style=\"margin-top: 35px;\">Apartamenty LIMBA****<\/h2>\n<table style=\"height: 433px;\" width=\"653\">\n<thead>\n<tr>\n<td rowspan=\"2\"><img loading=\"lazy\" decoding=\"async\" class=\"aligncenter wp-image-1163\" src=\"https:\/\/penzionlimba.sk\/wp-content\/uploads\/2018\/07\/limba_blacktransparent-300x300.png\" alt=\"\" width=\"100\" height=\"100\" srcset=\"https:\/\/penzionlimba.sk\/wp-content\/uploads\/2018\/07\/limba_blacktransparent-300x300.png 300w, https:\/\/penzionlimba.sk\/wp-content\/uploads\/2018\/07\/limba_blacktransparent-150x150.png 150w, https:\/\/penzionlimba.sk\/wp-content\/uploads\/2018\/07\/limba_blacktransparent-768x768.png 768w, https:\/\/penzionlimba.sk\/wp-content\/uploads\/2018\/07\/limba_blacktransparent-1024x1024.png 1024w, https:\/\/penzionlimba.sk\/wp-content\/uploads\/2018\/07\/limba_blacktransparent-146x146.png 146w, https:\/\/penzionlimba.sk\/wp-content\/uploads\/2018\/07\/limba_blacktransparent-50x50.png 50w, https:\/\/penzionlimba.sk\/wp-content\/uploads\/2018\/07\/limba_blacktransparent-75x75.png 75w, https:\/\/penzionlimba.sk\/wp-content\/uploads\/2018\/07\/limba_blacktransparent-85x85.png 85w, https:\/\/penzionlimba.sk\/wp-content\/uploads\/2018\/07\/limba_blacktransparent-80x80.png 80w, https:\/\/penzionlimba.sk\/wp-content\/uploads\/2018\/07\/limba_blacktransparent.png 1500w\" sizes=\"auto, (max-width: 100px) 100vw, 100px\" \/><\/td>\n<td style=\"text-align: center;\" colspan=\"3\">Cena za apartament \/ noc<\/td>\n<\/tr>\n<tr>\n<td><strong>11.1. &#8211; 18.1.2020<\/strong><\/td>\n<td><strong>18.1. &#8211; 8.2.2020<\/strong><\/td>\n<td><strong>8.2. &#8211; 22.2.2020<\/strong><\/td>\n<\/tr>\n<\/thead>\n<tbody>\n<tr>\n<td><strong>Studio 2+2<\/strong><\/td>\n<td><strong>od 79 \u20ac<\/strong><\/td>\n<td><strong>od 85 \u20ac<\/strong><\/td>\n<td><strong>od 96 \u20ac<\/strong><\/td>\n<\/tr>\n<tr>\n<td><strong>Apartament 2+2<\/strong><\/p>\n<p><i>1 sypialnia z balkonem<\/i><\/td>\n<td><strong>od 91 \u20ac<\/strong><\/td>\n<td><strong>od 95 \u20ac<\/strong><\/td>\n<td><strong>od 105 \u20ac<\/strong><\/td>\n<\/tr>\n<tr>\n<td><strong>Studio LIMBA 4+2<\/strong><\/p>\n<p><i>z tarasem<\/i><\/td>\n<td><strong>od 91 \u20ac<\/strong><\/td>\n<td><strong>od 95 \u20ac<\/strong><\/td>\n<td><strong>od 105 \u20ac<\/strong><\/td>\n<\/tr>\n<tr>\n<td><strong>Apartament LIMBA 4+2<\/strong><\/p>\n<p><i>2 sypialnie z tarasem<\/i><\/td>\n<td><strong>od 120 \u20ac<\/strong><\/td>\n<td><strong>od 130 \u20ac<\/strong><\/td>\n<td><strong>od 140 \u20ac<\/strong><\/td>\n<\/tr>\n<\/tbody>\n<\/table>\n<p>&nbsp;<\/p>\n<h2 class=\"gallery-nadpis\" style=\"margin-top: 35px;\">Apartamenty JASN\u00c1***<\/h2>\n<table>\n<thead>\n<tr>\n<td rowspan=\"3\"><img loading=\"lazy\" decoding=\"async\" class=\"aligncenter wp-image-1162\" src=\"https:\/\/penzionlimba.sk\/wp-content\/uploads\/2018\/07\/jasna_blacktransparent-300x300.png\" alt=\"\" width=\"100\" height=\"100\" srcset=\"https:\/\/penzionlimba.sk\/wp-content\/uploads\/2018\/07\/jasna_blacktransparent-300x300.png 300w, https:\/\/penzionlimba.sk\/wp-content\/uploads\/2018\/07\/jasna_blacktransparent-150x150.png 150w, https:\/\/penzionlimba.sk\/wp-content\/uploads\/2018\/07\/jasna_blacktransparent-768x768.png 768w, https:\/\/penzionlimba.sk\/wp-content\/uploads\/2018\/07\/jasna_blacktransparent-1024x1024.png 1024w, https:\/\/penzionlimba.sk\/wp-content\/uploads\/2018\/07\/jasna_blacktransparent-146x146.png 146w, https:\/\/penzionlimba.sk\/wp-content\/uploads\/2018\/07\/jasna_blacktransparent-50x50.png 50w, https:\/\/penzionlimba.sk\/wp-content\/uploads\/2018\/07\/jasna_blacktransparent-75x75.png 75w, https:\/\/penzionlimba.sk\/wp-content\/uploads\/2018\/07\/jasna_blacktransparent-85x85.png 85w, https:\/\/penzionlimba.sk\/wp-content\/uploads\/2018\/07\/jasna_blacktransparent-80x80.png 80w, https:\/\/penzionlimba.sk\/wp-content\/uploads\/2018\/07\/jasna_blacktransparent.png 1500w\" sizes=\"auto, (max-width: 100px) 100vw, 100px\" \/><\/td>\n<td style=\"text-align: center;\" colspan=\"3\">Cena za apartament\/ noc<\/td>\n<\/tr>\n<tr>\n<td><strong>25.1. &#8211; 22.2.2020<\/strong><\/td>\n<td><strong>22.2. &#8211; 21.3.2020<\/strong><\/td>\n<td><strong>21.3. &#8211; 8.4.2020<\/strong><\/td>\n<\/tr>\n<tr>\n<td>minimalny pobyt: 7 noce<\/td>\n<td>minimalny pobyt: 7 noce<\/td>\n<td>minimalny pobyt: 5 noce<\/td>\n<\/tr>\n<\/thead>\n<tbody>\n<tr>\n<td><strong>Studio 2+2<\/strong><\/td>\n<td><strong>od 110 \u20ac<\/strong><\/td>\n<td><strong>\u00a0od 110 \u20ac<\/strong><\/td>\n<td><strong>od 65 \u20ac<\/strong><\/td>\n<\/tr>\n<tr>\n<td><strong>Studio RONDO 4+0<\/strong><\/td>\n<td><strong>od 158 \u20ac<\/strong><\/td>\n<td><strong>od 140 \u20ac<\/strong><\/td>\n<td><strong>od 75 \u20ac<\/strong><\/td>\n<\/tr>\n<tr>\n<td><strong>Apartament 5+2<\/strong><\/p>\n<p><i>2 sypialnie<\/i><\/td>\n<td><strong>od 200 \u20ac<\/strong><\/td>\n<td><strong>od 180 \u20ac<\/strong><\/td>\n<td><strong>od 98 \u20ac<\/strong><\/td>\n<\/tr>\n<\/tbody>\n<\/table>\n<p>[\/vc_column_text]<\/div><\/div><div class=\"mpc-tab mpc-container mpc-transition \" id=\"1540295645585-3-8\" data-active=\"false\"><div class=\"mpc-tab__content\">[vc_column_text]<\/p>\n<h2 class=\"gallery-nadpis\" style=\"margin-top: 35px;\">Pensjonat LIMBA<\/h2>\n<table>\n<thead>\n<tr>\n<td rowspan=\"3\"><img loading=\"lazy\" decoding=\"async\" class=\"aligncenter wp-image-1163\" src=\"https:\/\/penzionlimba.sk\/wp-content\/uploads\/2018\/07\/limba_blacktransparent-150x150.png\" alt=\"\" width=\"100\" height=\"100\" srcset=\"https:\/\/penzionlimba.sk\/wp-content\/uploads\/2018\/07\/limba_blacktransparent-150x150.png 150w, https:\/\/penzionlimba.sk\/wp-content\/uploads\/2018\/07\/limba_blacktransparent-300x300.png 300w, https:\/\/penzionlimba.sk\/wp-content\/uploads\/2018\/07\/limba_blacktransparent-768x768.png 768w, https:\/\/penzionlimba.sk\/wp-content\/uploads\/2018\/07\/limba_blacktransparent-1024x1024.png 1024w, https:\/\/penzionlimba.sk\/wp-content\/uploads\/2018\/07\/limba_blacktransparent-146x146.png 146w, https:\/\/penzionlimba.sk\/wp-content\/uploads\/2018\/07\/limba_blacktransparent-50x50.png 50w, https:\/\/penzionlimba.sk\/wp-content\/uploads\/2018\/07\/limba_blacktransparent-75x75.png 75w, https:\/\/penzionlimba.sk\/wp-content\/uploads\/2018\/07\/limba_blacktransparent-85x85.png 85w, https:\/\/penzionlimba.sk\/wp-content\/uploads\/2018\/07\/limba_blacktransparent-80x80.png 80w, https:\/\/penzionlimba.sk\/wp-content\/uploads\/2018\/07\/limba_blacktransparent.png 1500w\" sizes=\"auto, (max-width: 100px) 100vw, 100px\" \/><\/td>\n<td style=\"text-align: center;\" colspan=\"6\">Cena za pok\u00f3j \/ noc<\/td>\n<\/tr>\n<tr>\n<td colspan=\"2\"><strong>22.2. &#8211; 16.3.2020<\/strong><\/td>\n<td colspan=\"2\"><strong>16.3. &#8211; 8.4.2020<\/strong><\/td>\n<td colspan=\"2\"><strong>8.4. &#8211; 15.4.2020<\/strong><\/td>\n<\/tr>\n<tr>\n<td>Economy **+<\/td>\n<td>Comfort ***<\/td>\n<td>Economy **+<\/td>\n<td>Comfort ***<\/td>\n<td>Economy **+<\/td>\n<td>Comfort ***<\/td>\n<\/tr>\n<\/thead>\n<tbody>\n<tr>\n<td colspan=\"7\"><\/td>\n<\/tr>\n<tr>\n<td><strong>Pok\u00f3j dwuosobowy<\/strong><\/td>\n<td><strong>od 66 \u20ac\u00a0 \u00a0 \u00a0<\/strong><em>RN<\/em><\/td>\n<td><strong>od 76 \u20ac\u00a0 \u00a0<\/strong><em>\u00a0RN<\/em><\/td>\n<td><strong>od 40 \u20ac<\/strong><\/td>\n<td><strong>od 48 \u20ac<\/strong><\/td>\n<td><strong>od 66 \u20ac\u00a0 \u00a0 <\/strong><em>RN<\/em><\/td>\n<td><strong>od 70 \u20ac\u00a0 \u00a0<\/strong><em>RN<\/em><\/td>\n<\/tr>\n<tr>\n<td>dostawka dziecko poni\u017cej 12 lat<\/td>\n<td>od 19 \u20ac\u00a0 \u00a0 \u00a0\u00a0<em>RN<\/em><\/td>\n<td>od 21 \u20ac\u00a0 \u00a0 \u00a0<em>RN<\/em><\/td>\n<td>od 12 \u20ac<\/td>\n<td>od 14 \u20ac<\/td>\n<td>od 19 \u20ac\u00a0<em> \u00a0RN<\/em><\/td>\n<td>od 20 \u20ac\u00a0 \u00a0<em>RN<\/em><\/td>\n<\/tr>\n<tr>\n<td><strong>Pok\u00f3j 3-osobowy<\/strong><\/td>\n<td><strong>od 99 \u20ac\u00a0 \u00a0\u00a0<\/strong><em>RN<\/em><\/td>\n<td><strong>od 114 \u20ac\u00a0 \u00a0\u00a0<\/strong><em>RN\u00a0<\/em><\/td>\n<td><strong>od 60 \u20ac<\/strong><\/td>\n<td><strong>od 72 \u20ac<\/strong><\/td>\n<td><strong>od 99 \u20ac\u00a0 \u00a0 \u00a0<\/strong><em>RN<\/em><\/td>\n<td><strong>od 105 \u20ac\u00a0 \u00a0<\/strong><em>RN<\/em><\/td>\n<\/tr>\n<tr>\n<td colspan=\"7\"><em>RN = cena obejmuje \u015bniadanie w formie bufetu<\/em><\/td>\n<\/tr>\n<tr>\n<td><strong>Pok\u00f3j rodzinny 2+3<\/strong><\/td>\n<td><strong>od 79 \u20ac<\/strong><\/td>\n<td><strong>od 86 \u20ac<\/strong><\/td>\n<td><strong>od 61 \u20ac<\/strong><\/td>\n<td><strong>od 69 \u20ac<\/strong><\/td>\n<td><strong>od 79 \u20ac<\/strong><\/td>\n<td><strong>od 90 \u20ac<\/strong><\/td>\n<\/tr>\n<\/tbody>\n<\/table>\n<p>&nbsp;<\/p>\n<h2 class=\"gallery-nadpis\" style=\"margin-top: 35px;\">Apartamenty LIMBA****<\/h2>\n<table>\n<thead>\n<tr>\n<td rowspan=\"2\"><img loading=\"lazy\" decoding=\"async\" class=\"aligncenter wp-image-1163\" src=\"https:\/\/penzionlimba.sk\/wp-content\/uploads\/2018\/07\/limba_blacktransparent-300x300.png\" alt=\"\" width=\"100\" height=\"100\" srcset=\"https:\/\/penzionlimba.sk\/wp-content\/uploads\/2018\/07\/limba_blacktransparent-300x300.png 300w, https:\/\/penzionlimba.sk\/wp-content\/uploads\/2018\/07\/limba_blacktransparent-150x150.png 150w, https:\/\/penzionlimba.sk\/wp-content\/uploads\/2018\/07\/limba_blacktransparent-768x768.png 768w, https:\/\/penzionlimba.sk\/wp-content\/uploads\/2018\/07\/limba_blacktransparent-1024x1024.png 1024w, https:\/\/penzionlimba.sk\/wp-content\/uploads\/2018\/07\/limba_blacktransparent-146x146.png 146w, https:\/\/penzionlimba.sk\/wp-content\/uploads\/2018\/07\/limba_blacktransparent-50x50.png 50w, https:\/\/penzionlimba.sk\/wp-content\/uploads\/2018\/07\/limba_blacktransparent-75x75.png 75w, https:\/\/penzionlimba.sk\/wp-content\/uploads\/2018\/07\/limba_blacktransparent-85x85.png 85w, https:\/\/penzionlimba.sk\/wp-content\/uploads\/2018\/07\/limba_blacktransparent-80x80.png 80w, https:\/\/penzionlimba.sk\/wp-content\/uploads\/2018\/07\/limba_blacktransparent.png 1500w\" sizes=\"auto, (max-width: 100px) 100vw, 100px\" \/><\/td>\n<td style=\"text-align: center;\" colspan=\"3\">Cena za apartament \/ noc<\/td>\n<\/tr>\n<tr>\n<td><strong>22.2. &#8211; 16.3.2020\u00a0\u00a0<\/strong><\/td>\n<td><strong>16.3. &#8211; 8.4.2020\u00a0\u00a0<\/strong><\/td>\n<td>\u00a0<strong>8.4. &#8211; 15.4.2020\u00a0\u00a0<\/strong><\/td>\n<\/tr>\n<\/thead>\n<tbody>\n<tr>\n<td><strong>Studio 2+2<\/strong><\/td>\n<td><strong>od 79 \u20ac<\/strong><\/td>\n<td><strong>od 56 \u20ac<\/strong><\/td>\n<td><strong>od 79 \u20ac<\/strong><\/td>\n<\/tr>\n<tr>\n<td><strong>Apartament 2+2<\/strong><br \/>\n<i>1 sypialnia z balkonem<\/i><\/td>\n<td><strong>od 89 \u20ac<\/strong><\/td>\n<td><strong>od 68 \u20ac<\/strong><\/td>\n<td><strong>od 89 \u20ac<\/strong><\/td>\n<\/tr>\n<tr>\n<td><strong>Studio LIMBA 4+2<\/strong><br \/>\n<i>z tarasem<\/i><\/td>\n<td><strong>od 89 \u20ac<\/strong><\/td>\n<td><strong>od 68 \u20ac<\/strong><\/td>\n<td><strong>od 89 \u20ac<\/strong><\/td>\n<\/tr>\n<tr>\n<td><strong>Apartament LIMBA 4+2<\/strong><br \/>\n<i>2 sypialnie z tarasem<\/i><\/td>\n<td><strong>od 110 \u20ac<\/strong><\/td>\n<td><strong>od 90 \u20ac<\/strong><\/td>\n<td><strong>od 110 \u20ac<\/strong><\/td>\n<\/tr>\n<\/tbody>\n<\/table>\n<p>&nbsp;<\/p>\n<h2 class=\"gallery-nadpis\" style=\"margin-top: 35px;\">Apartamenty JASN\u00c1***<\/h2>\n<table>\n<thead>\n<tr>\n<td rowspan=\"3\"><img loading=\"lazy\" decoding=\"async\" class=\"aligncenter wp-image-1162\" src=\"https:\/\/penzionlimba.sk\/wp-content\/uploads\/2018\/07\/jasna_blacktransparent-300x300.png\" alt=\"\" width=\"100\" height=\"100\" srcset=\"https:\/\/penzionlimba.sk\/wp-content\/uploads\/2018\/07\/jasna_blacktransparent-300x300.png 300w, https:\/\/penzionlimba.sk\/wp-content\/uploads\/2018\/07\/jasna_blacktransparent-150x150.png 150w, https:\/\/penzionlimba.sk\/wp-content\/uploads\/2018\/07\/jasna_blacktransparent-768x768.png 768w, https:\/\/penzionlimba.sk\/wp-content\/uploads\/2018\/07\/jasna_blacktransparent-1024x1024.png 1024w, https:\/\/penzionlimba.sk\/wp-content\/uploads\/2018\/07\/jasna_blacktransparent-146x146.png 146w, https:\/\/penzionlimba.sk\/wp-content\/uploads\/2018\/07\/jasna_blacktransparent-50x50.png 50w, https:\/\/penzionlimba.sk\/wp-content\/uploads\/2018\/07\/jasna_blacktransparent-75x75.png 75w, https:\/\/penzionlimba.sk\/wp-content\/uploads\/2018\/07\/jasna_blacktransparent-85x85.png 85w, https:\/\/penzionlimba.sk\/wp-content\/uploads\/2018\/07\/jasna_blacktransparent-80x80.png 80w, https:\/\/penzionlimba.sk\/wp-content\/uploads\/2018\/07\/jasna_blacktransparent.png 1500w\" sizes=\"auto, (max-width: 100px) 100vw, 100px\" \/><\/td>\n<td style=\"text-align: center;\" colspan=\"3\">Cena za pok\u00f3j \/ noc<\/td>\n<\/tr>\n<tr>\n<td><strong>8.4. &#8211; 15.4.2020<\/strong><\/td>\n<td>&#8211;<\/td>\n<td>\u00a0&#8211;<\/td>\n<\/tr>\n<tr>\n<td>minimalny pobyt: 3 noce<\/td>\n<td>&#8211;<\/td>\n<td>&#8211;<\/td>\n<\/tr>\n<\/thead>\n<tbody>\n<tr>\n<td><strong>Studio 2+2<\/strong><\/td>\n<td><strong>od 110 \u20ac<\/strong><\/td>\n<td>&#8211;<\/td>\n<td>&#8211;<\/td>\n<\/tr>\n<tr>\n<td><strong>Studio RONDO 2+2<\/strong><\/td>\n<td><strong>od 150 \u20ac<\/strong><\/td>\n<td>&#8211;<\/td>\n<td>&#8211;<\/td>\n<\/tr>\n<tr>\n<td><strong>Apartament 5+2<\/strong><br \/>\n<i>2 sypialnie<\/i><\/td>\n<td><strong>od 200 \u20ac<\/strong><\/td>\n<td>&#8211;<\/td>\n<td>&#8211;<\/td>\n<\/tr>\n<\/tbody>\n<\/table>\n<p>[\/vc_column_text]<\/div><\/div><\/div><\/div>[vc_column_text]<\/p>\n<hr \/>\n<h2>Uwaga<\/h2>\n<ul style=\"list-style-type: none;\">\n<li><strong>Cena zawiera:<\/strong> zakwaterowanie, 10% VAT<\/li>\n<li><strong>Cena nie zawiera:<\/strong> podatku lokalnego 1, \u2013 \u20ac \/ osoba \/ noc<\/li>\n<\/ul>\n<p>&nbsp;<\/p>\n<ul style=\"list-style-type: none;\">\n<li><strong>Us\u0142ugi dodatkowe:<\/strong><\/li>\n<li>bufet \u015bniadaniowy: 6,-\u20ac\/osoba<\/li>\n<li>bufet \u015bniadaniowy: 3,-\u20ac\/dziecko od 6 do 12 lat<\/li>\n<\/ul>\n<p>&nbsp;<\/p>\n<ul style=\"list-style-type: none;\">\n<li><strong>Wolno:<\/strong><\/li>\n<li>dziecko do 6 lat bez \u0142\u00f3\u017cka<\/li>\n<li>\u0142\u00f3\u017ceczko dzieci\u0119ce (na \u017cyczenie z g\u00f3ry)<\/li>\n<li>1x pies (pies, kot) zg\u0142oszone z g\u00f3ry<\/li>\n<li>parking<\/li>\n<li>Wi-Fi<\/li>\n<\/ul>\n<p>[\/vc_column_text][\/vc_column][\/vc_row][vc_row][vc_column offset=&#8221;vc_hidden-lg vc_hidden-md vc_hidden-sm vc_hidden-xs&#8221;][vc_column_text]<\/p>\n<table>\n<tbody>\n<tr>\n<td><strong>2-poste\u013eov\u00e1 izba<\/strong><\/td>\n<td>Economy **+ 48 \u20ac<\/td>\n<td>Comfort *** 56 \u20ac<\/td>\n<\/tr>\n<tr>\n<td><strong>Pr\u00edste\u013eka (2-poste\u013eov\u00e1 izba)<\/strong><\/td>\n<td>Economy **+ 24 \u20ac<\/td>\n<td>Comfort *** 28 \u20ac<\/td>\n<\/tr>\n<tr>\n<td><strong>Pr\u00edste\u013eka &#8211; die\u0165a do 12 r. (2-poste\u013eov\u00e1 izba)<\/strong><\/td>\n<td>Economy **+ 12 \u20ac<\/td>\n<td>Comfort *** 14 \u20ac<\/td>\n<\/tr>\n<\/tbody>\n<\/table>\n<p>[\/vc_column_text][\/vc_column][\/vc_row]<\/p>\n","protected":false},"excerpt":{"rendered":"<p>[vc_row full_width=&#8221;stretch_row_content&#8221; content_placement=&#8221;middle&#8221; el_class=&#8221;pg1_apartmany&#8221; css=&#8221;.vc_custom_1516964195256{background-image: url(http:\/\/penzionlimba.sk\/wp-content\/uploads\/2018\/01\/PenzionBar.jpg?id=151) !important;background-position: center !important;background-repeat: no-repeat !important;background-size: cover !important;}&#8221;][vc_column css=&#8221;.vc_custom_1516018014117{background-image: url(http:\/\/penzionlimba.sk\/wp-content\/uploads\/2018\/01\/prechodbiely-dole.png?id=19) !important;background-position: center !important;background-repeat: no-repeat !important;background-size: contain !important;}&#8221;][vc_column_text el_class=&#8221;el_nadpis&#8221;] REZERWACJA I CENNIK<\/p>\n","protected":false},"author":1,"featured_media":0,"parent":0,"menu_order":0,"comment_status":"closed","ping_status":"closed","template":"","meta":{"footnotes":""},"class_list":["post-649","page","type-page","status-publish","hentry"],"_links":{"self":[{"href":"https:\/\/penzionlimba.sk\/pl\/wp-json\/wp\/v2\/pages\/649","targetHints":{"allow":["GET"]}}],"collection":[{"href":"https:\/\/penzionlimba.sk\/pl\/wp-json\/wp\/v2\/pages"}],"about":[{"href":"https:\/\/penzionlimba.sk\/pl\/wp-json\/wp\/v2\/types\/page"}],"author":[{"embeddable":true,"href":"https:\/\/penzionlimba.sk\/pl\/wp-json\/wp\/v2\/users\/1"}],"replies":[{"embeddable":true,"href":"https:\/\/penzionlimba.sk\/pl\/wp-json\/wp\/v2\/comments?post=649"}],"version-history":[{"count":6,"href":"https:\/\/penzionlimba.sk\/pl\/wp-json\/wp\/v2\/pages\/649\/revisions"}],"predecessor-version":[{"id":1461,"href":"https:\/\/penzionlimba.sk\/pl\/wp-json\/wp\/v2\/pages\/649\/revisions\/1461"}],"wp:attachment":[{"href":"https:\/\/penzionlimba.sk\/pl\/wp-json\/wp\/v2\/media?parent=649"}],"curies":[{"name":"wp","href":"https:\/\/api.w.org\/{rel}","templated":true}]}}